{"id":50,"date":"2022-11-06T17:27:55","date_gmt":"2022-11-06T16:27:55","guid":{"rendered":"podlove-2022-11-06t16:18:26+00:00-16b86dc0a2efdd0"},"modified":"2023-07-08T20:57:33","modified_gmt":"2023-07-08T18:57:33","slug":"gemeindegruendungen-als-motivationsmodell-mitprofessor-christoph-jacobs","status":"publish","type":"podcast","link":"https:\/\/www.gemeinde-pflanzen.net\/talk\/2022\/11\/06\/gemeindegruendungen-als-motivationsmodell-mitprofessor-christoph-jacobs\/","title":{"rendered":"Gemeindegr\u00fcndungen als Motivationsmodell mit<br>Professor Christoph Jacobs"},"content":{"rendered":"\n<p>In der vierten Folge der Serie \u201eTalk\u201c ist Jonathan Berschauer im Gespr\u00e4ch mit Professor Dr. Christoph Jacobs, Lehrstuhlinhaber f\u00fcr Pastoralpsychologie und Pastoralsoziologie an der Theologischen Fakult\u00e4t Paderborn. Mit ihm kommt er \u00fcber Gemeindegr\u00fcndung als Motivationsmodell der heutigen Pastoral ins Gespr\u00e4ch \u2013 eine Idee, die bereits 2011 im Erzbistum Paderborn diskutiert wurde (vgl. Video Montagsakademie, Minute 36:30). Sie gehen dabei auch der Frage nach, warum anscheinend erst jetzt der richtig Zeitpunkt (Kairos) f\u00fcr ein solches Modell gekommen ist.<br>Daneben geht es um die m\u00f6glichen positiven Effekte von Gemeindegr\u00fcndungen (im Kontext von sinnvoller Arbeit und Selbstwirksamkeit) auf Seelsorger (vor dem Hintergrund der sogenannten Seelsorgestudie, die Ressourcen und Belastungen von Seelsorgern quantitativ-empirisch untersucht hat).<br>Zuletzt kommt das Gespr\u00e4ch auf das Element \u201eKleingruppen\u201c, auf den Zusammenhang von Diakonie und Mission, sowie auf Mittel gehen eine organisationale Selbstbezogenheit zu sprechen.<\/p>\n\n\n\n<h2 class=\"wp-block-heading\">Weiterf\u00fchrende Literatur:<\/h2>\n\n\n\n<ul class=\"wp-block-list\">\n<li>Christoph Jacobs et al (Hrsg.): Zwischen Spirit und Stress: Die Seelsorgenden in den deutschen Di\u00f6zesen. Echter: 2017. ISBN: 978-3429043568<\/li>\n<\/ul>\n\n\n\n<h2 class=\"wp-block-heading\">Weiterf\u00fchrende Links<\/h2>\n\n\n\n<ul class=\"wp-block-list\">\n<li>Im Podcast erw\u00e4hnter Vortrag von Prof. Jacobs bei der Veranstaltungsreihe \u201eMontagsakademie\u201c der Theologischen Fakult\u00e4t Paderborn vom 02.11.2020: \u201eWege der Kirche in die Zukunft der Menschen\u201c <a href=\"https:\/\/www.youtube.com\/watch?v=_aa7dRAwsYM\">https:\/\/www.youtube.com\/watch?v=_aa7dRAwsYM<\/a><\/li>\n\n\n\n<li>Internetseite von Professor Dr. Christoph Jacobs mit weiteren Information unter anderem \u00fcber seine Person und seine Forschungs- und Lehrt\u00e4tigkeit <a href=\"https:\/\/www.cjacobs.de\/\">https:\/\/www.cjacobs.de<\/a><\/li>\n\n\n\n<li>Informationen zur \u201eSeelsorgestudie\u201c <a href=\"http:\/\/www.seelsorgestudie.de\/\">http:\/\/www.seelsorgestudie.de\/<\/a><\/li>\n\n\n\n<li>Theologische Fakult\u00e4t Paderborn <a href=\"https:\/\/www.thf-paderborn.de\/\">https:\/\/www.thf-paderborn.de\/<\/a><\/li>\n<\/ul>\n\n\n\n<h3 class=\"wp-block-heading\">Schreib uns!<\/h3>\n\n\n\n<p>Fragen, Anmerkungen, Verbesserungen, Ideen oder was auch immer: Schreib uns gerne eine E-Mail an: <a href=\"mailto:podcast@gemeinde-pflanzen.net\">podcast@gemeinde-pflanzen.net<\/a>.<br>Oder einfach direkt <a href=\"https:\/\/www.gemeinde-pflanzen.net\/talk\/2022\/06\/27\/vorstellung-des-netzwerkes-gemeinde-pflanzen\/#comment\">in die Kommentare<\/a>.<\/p>\n\n    \n            <div class=\"podlove-web-player intrinsic-ignore podlove-web-player-loading\" id=\"player-69f2040554dea\"><root data-test=\"player--xl\" style=\"max-width:950px;min-width:260px;\">\n  <div class=\"tablet:px-6 tablet:pt-6 mobile:px-4 mobile:pt-4 flex flex-col\">\n    <div class=\"flex-col items-center mobile:flex tablet:hidden\">\n      <show-title class=\"text-sm\"><\/show-title>\n      <episode-title class=\"text-base mb-2\"><\/episode-title>\n      <subscribe-button class=\"mb-4 mobile:flex tablet:hidden\"><\/subscribe-button>\n      <poster class=\"rounded-sm w-48 shadow overflow-hidden\"><\/poster>\n      <divider class=\"w-full my-6\"><\/divider>\n    <\/div>\n\n    <div class=\"tablet:flex flex-grow\">\n      <div class=\"w-64 mobile:hidden tablet:block tablet:mr-6\">\n        <poster class=\"rounded-sm shadow overflow-hidden\"><\/poster>\n      <\/div>\n      <div class=\"w-full\">\n        <div class=\"hidden tablet:block\">\n          <show-title class=\"text-base\"><\/show-title>\n          <episode-title class=\"text-xl desktop:text-2xl\"><\/episode-title>\n          <divider class=\"w-full my-4\"><\/divider>\n        <\/div>\n        <div class=\"flex items-center justify-between\">\n          <div class=\"block\">\n            <play-state on=\"active\">\n              <speed-control class=\"flex items-center\"><\/speed-control>\n            <\/play-state>\n          <\/div>\n\n          <div class=\"flex\">\n            <play-state on=\"active\">\n              <chapter-previous class=\"mx-2 block\"><\/chapter-previous>\n            <\/play-state>\n            <play-state on=\"active\">\n              <step-backward class=\"mx-2 block\"><\/step-backward>\n            <\/play-state>\n\n            <play-button class=\"mx-2 block\" :label=\"$t('PLAYER.PLAY_EPISODE')\"><\/play-button>\n\n            <play-state on=\"active\">\n              <step-forward class=\"mx-2 block\"><\/step-forward>\n            <\/play-state>\n            <play-state on=\"active\">\n              <chapter-next class=\"mx-2 block\"><\/chapter-next>\n            <\/play-state>\n          <\/div>\n\n          <div class=\"block\">\n            <play-state on=\"active\">\n              <volume-control class=\"flex items-center\"><\/volume-control>\n            <\/play-state>\n          <\/div>\n        <\/div>\n        <div class=\"flex w-full\">\n          <progress-bar><\/progress-bar>\n        <\/div>\n        <div class=\"flex w-full -mt-2\">\n          <div class=\"w-3\/12 text-left\">\n            <timer-current class=\"text-sm\"><\/timer-current>\n          <\/div>\n          <div class=\"w-6\/12 text-center truncate\">\n            <play-state on=\"active\">\n              <current-chapter class=\"text-sm\"><\/current-chapter>\n            <\/play-state>\n          <\/div>\n          <div class=\"w-3\/12 text-right\">\n            <timer-duration class=\"text-sm\"><\/timer-duration>\n          <\/div>\n        <\/div>\n      <\/div>\n    <\/div>\n    <divider class=\"w-full mt-6 mb-3\"><\/divider>\n    <div class=\"flex justify-between\">\n      <div class=\"flex mobile:w-full tablet:w-3\/12 desktop:w-3\/12 justify-between\">\n        <tab-trigger tab=\"chapters\">\n          <icon type=\"chapter\"><\/icon>\n        <\/tab-trigger>\n        <tab-trigger tab=\"transcripts\">\n          <icon type=\"transcripts\"><\/icon>\n        <\/tab-trigger>\n        <tab-trigger tab=\"files\">\n          <icon type=\"download\"><\/icon>\n        <\/tab-trigger>\n        <tab-trigger tab=\"playlist\">\n          <icon type=\"playlist\"><\/icon>\n        <\/tab-trigger>\n        <tab-trigger tab=\"share\">\n          <icon type=\"share\"><\/icon>\n        <\/tab-trigger>\n      <\/div>\n      <subscribe-button class=\"mt-1 mobile:hidden tablet:flex\"><\/subscribe-button>\n    <\/div>\n  <\/div>\n  <div class=\"w-full relative overflow-hidden\">\n    <tab name=\"chapters\">\n      <tab-chapters><\/tab-chapters>\n    <\/tab>\n    <tab name=\"transcripts\">\n      <tab-transcripts><\/tab-transcripts>\n    <\/tab>\n    <tab name=\"files\">\n      <tab-files><\/tab-files>\n    <\/tab>\n    <tab name=\"playlist\">\n      <tab-playlist><\/tab-playlist>\n    <\/tab>\n    <tab name=\"share\">\n      <tab-share><\/tab-share>\n    <\/tab>\n    <tab-overflow><\/tab-overflow>\n  <\/div>\n  <error><\/error>\n<\/root>\n<\/div>\n            <script>\n              document.addEventListener(\"DOMContentLoaded\", function() {\n                var player = document.getElementById(\"player-69f2040554dea\");\n                podlovePlayerCache.add([{\"url\":\"https:\\\/\\\/www.gemeinde-pflanzen.net\\\/talk\\\/wp-json\\\/podlove-web-player\\\/shortcode\\\/publisher\\\/50\",\"data\":{\"version\":5,\"show\":{\"title\":\"Aussaat - Talk\",\"subtitle\":\"Die Interview- und Gespr\\u00e4chsrundenreihe des Netzwerkes Gemeinde-Pflanzen\",\"summary\":\"Die Interview- und Gespr\\u00e4chsrundenreihe des Netzwerkes Gemeinde-Pflanzen bei der es rund um die Themen Gemeindegr\\u00fcndung, Evangelisierung und J\\u00fcngerschaft geht.\",\"poster\":\"https:\\\/\\\/www.gemeinde-pflanzen.net\\\/talk\\\/podlove\\\/image\\\/687474703a2f2f7777772e67656d65696e64652d70666c616e7a656e2e6e65742f74616c6b2f77702d636f6e74656e742f75706c6f6164732f73697465732f322f323032322f30362f312e706e67\\\/500\\\/0\\\/0\\\/aussaat-talk\",\"link\":\"https:\\\/\\\/www.gemeinde-pflanzen.net\\\/talk\"},\"title\":\"Gemeindegr\\u00fcndungen als Motivationsmodell mit<br>Professor Christoph Jacobs\",\"subtitle\":\"Im Gespr\\u00e4ch mit  Professor Christoph Jacobs \\u00fcber Motivationsfaktoren, psychische Auswirkungen etc. von Gemeindegr\\u00fcndungen\",\"summary\":\"\",\"publicationDate\":\"2022-11-06T17:27:55+01:00\",\"duration\":\"00:22:47.219\",\"poster\":\"https:\\\/\\\/www.gemeinde-pflanzen.net\\\/talk\\\/podlove\\\/image\\\/68747470733a2f2f7777772e67656d65696e64652d70666c616e7a656e2e6e65742f74616c6b2f77702d636f6e74656e742f75706c6f6164732f73697465732f322f323032332f30372f54616c6b2d466f6c67652d3030342d7363616c65642e6a7067\\\/500\\\/0\\\/0\\\/gemeindegruendungen-als-motivationsmodell-mit-professor-christoph-jacobs\",\"link\":\"https:\\\/\\\/www.gemeinde-pflanzen.net\\\/talk\\\/2022\\\/11\\\/06\\\/gemeindegruendungen-als-motivationsmodell-mitprofessor-christoph-jacobs\\\/\",\"chapters\":[{\"start\":\"00:00:00.005\",\"title\":\"Begr\\u00fc\\u00dfung\",\"href\":\"\",\"image\":\"\"},{\"start\":\"00:01:27.962\",\"title\":\"Vorstellung von Prof. Christoph Jacobs\",\"href\":\"\",\"image\":\"\"},{\"start\":\"00:01:58.688\",\"title\":\"Warum wurde Gemeindegr\\u00fcndung als Motivationsmodell so lange nicht rezipiert?\",\"href\":\"\",\"image\":\"\"},{\"start\":\"00:04:58.820\",\"title\":\"Warum ist jetzt der Kairos f\\u00fcr Gemeindegr\\u00fcndungen gekommen?\",\"href\":\"\",\"image\":\"\"},{\"start\":\"00:06:21.562\",\"title\":\"Kann Gemeindegr\\u00fcndung ein Instrument sein um Energie frei zu setzen?\",\"href\":\"\",\"image\":\"\"},{\"start\":\"00:07:36.567\",\"title\":\"Gibt es positive gesundheitliche Auswirkungen von Gemeindegr\\u00fcndungen auf Seelsorger?\",\"href\":\"\",\"image\":\"\"},{\"start\":\"00:11:23.318\",\"title\":\"Warum sind Kleingruppen so vielversprechend?\",\"href\":\"\",\"image\":\"\"},{\"start\":\"00:14:43.877\",\"title\":\"Hilft eine Zielorientierung bei der Stabilit\\u00e4t von Kleingruppen?\",\"href\":\"\",\"image\":\"\"},{\"start\":\"00:17:19.285\",\"title\":\"Wie kommt man aus der organisationalen Selbstbezogenheit heraus?\",\"href\":\"\",\"image\":\"\"},{\"start\":\"00:19:34.218\",\"title\":\"Geh\\u00f6ren Diakonie und Mission zusammen?\",\"href\":\"\",\"image\":\"\"},{\"start\":\"00:21:57.525\",\"title\":\"Abschluss\",\"href\":\"\",\"image\":\"\"}],\"audio\":[{\"url\":\"https:\\\/\\\/www.gemeinde-pflanzen.net\\\/talk\\\/podlove\\\/file\\\/14\\\/s\\\/webplayer\\\/c\\\/website\\\/talk004.ogg\",\"size\":\"25511896\",\"title\":\"Ogg Vorbis Audio (ogg)\",\"mimeType\":\"audio\\\/ogg\"},{\"url\":\"https:\\\/\\\/www.gemeinde-pflanzen.net\\\/talk\\\/podlove\\\/file\\\/16\\\/s\\\/webplayer\\\/c\\\/website\\\/talk004.mp3\",\"size\":\"26052591\",\"title\":\"MP3 Audio (mp3)\",\"mimeType\":\"audio\\\/mpeg\"},{\"url\":\"https:\\\/\\\/www.gemeinde-pflanzen.net\\\/talk\\\/podlove\\\/file\\\/15\\\/s\\\/webplayer\\\/c\\\/website\\\/talk004.opus\",\"size\":\"22464215\",\"title\":\"Opus Audio (opus)\",\"mimeType\":\"audio\\\/ogg;codecs=opus\"}],\"files\":[{\"url\":\"https:\\\/\\\/www.gemeinde-pflanzen.net\\\/talk\\\/podlove\\\/file\\\/16\\\/s\\\/webplayer\\\/talk004.mp3\",\"size\":\"26052591\",\"title\":\"MP3 Audio\",\"mimeType\":\"audio\\\/mpeg\"},{\"url\":\"https:\\\/\\\/www.gemeinde-pflanzen.net\\\/talk\\\/podlove\\\/file\\\/15\\\/s\\\/webplayer\\\/talk004.opus\",\"size\":\"22464215\",\"title\":\"Opus Audio\",\"mimeType\":\"audio\\\/ogg;codecs=opus\"},{\"url\":\"https:\\\/\\\/www.gemeinde-pflanzen.net\\\/talk\\\/podlove\\\/file\\\/14\\\/s\\\/webplayer\\\/talk004.ogg\",\"size\":\"25511896\",\"title\":\"Ogg Vorbis Audio\",\"mimeType\":\"audio\\\/ogg\"}]}}, {\"url\":\"https:\\\/\\\/www.gemeinde-pflanzen.net\\\/talk\\\/wp-json\\\/podlove-web-player\\\/shortcode\\\/config\\\/default\\\/theme\\\/default\",\"data\":{\"activeTab\":\"chapters\",\"subscribe-button\":null,\"share\":{\"channels\":[\"facebook\",\"twitter\",\"whats-app\",\"linkedin\",\"pinterest\",\"xing\",\"mail\",\"link\"],\"outlet\":\"https:\\\/\\\/www.gemeinde-pflanzen.net\\\/talk\\\/wp-content\\\/plugins\\\/podlove-web-player\\\/web-player\\\/share.html\",\"sharePlaytime\":true},\"related-episodes\":{\"source\":\"disabled\",\"value\":null},\"version\":5,\"theme\":{\"tokens\":{\"brand\":\"#E64415\",\"brandDark\":\"#235973\",\"brandDarkest\":\"#1A3A4A\",\"brandLightest\":\"#E9F1F5\",\"shadeDark\":\"#807E7C\",\"shadeBase\":\"#807E7C\",\"contrast\":\"#000\",\"alt\":\"#fff\"},\"fonts\":{\"ci\":{\"name\":\"ci\",\"family\":[\"-apple-system\",\"BlinkMacSystemFont\",\"Segoe UI\",\"Roboto\",\"Helvetica\",\"Arial\",\"sans-serif\",\"Apple Color Emoji\",\"Segoe UI Emoji\\\", \\\"Segoe UI Symbol\"],\"src\":[],\"weight\":800},\"regular\":{\"name\":\"regular\",\"family\":[\"-apple-system\",\"BlinkMacSystemFont\",\"Segoe UI\",\"Roboto\",\"Helvetica\",\"Arial\",\"sans-serif\",\"Apple Color Emoji\",\"Segoe UI Emoji\\\", \\\"Segoe UI Symbol\"],\"src\":[],\"weight\":300},\"bold\":{\"name\":\"bold\",\"family\":[\"-apple-system\",\"BlinkMacSystemFont\",\"Segoe UI\",\"Roboto\",\"Helvetica\",\"Arial\",\"sans-serif\",\"Apple Color Emoji\",\"Segoe UI Emoji\\\", \\\"Segoe UI Symbol\"],\"src\":[],\"weight\":700}}},\"base\":\"https:\\\/\\\/www.gemeinde-pflanzen.net\\\/talk\\\/wp-content\\\/plugins\\\/podlove-web-player\\\/web-player\\\/\"}}]);\n                podlovePlayer(player, \"https:\/\/www.gemeinde-pflanzen.net\/talk\/wp-json\/podlove-web-player\/shortcode\/publisher\/50\", \"https:\/\/www.gemeinde-pflanzen.net\/talk\/wp-json\/podlove-web-player\/shortcode\/config\/default\/theme\/default\").then(function() {\n                  player && player.classList.remove(\"podlove-web-player-loading\");\n                });\n              });\n            <\/script>\n            <style>\n              .podlove-web-player.podlove-web-player-loading {\n                opacity: 0;\n              }\n            <\/style>\n        \n\n\n","protected":false},"author":2,"featured_media":106,"comment_status":"open","ping_status":"open","template":"","meta":{"footnotes":""},"tags":[],"class_list":["post-50","podcast","type-podcast","status-publish","has-post-thumbnail","hentry","post"],"_links":{"self":[{"href":"https:\/\/www.gemeinde-pflanzen.net\/talk\/wp-json\/wp\/v2\/episodes\/50","targetHints":{"allow":["GET"]}}],"collection":[{"href":"https:\/\/www.gemeinde-pflanzen.net\/talk\/wp-json\/wp\/v2\/episodes"}],"about":[{"href":"https:\/\/www.gemeinde-pflanzen.net\/talk\/wp-json\/wp\/v2\/types\/podcast"}],"author":[{"embeddable":true,"href":"https:\/\/www.gemeinde-pflanzen.net\/talk\/wp-json\/wp\/v2\/users\/2"}],"replies":[{"embeddable":true,"href":"https:\/\/www.gemeinde-pflanzen.net\/talk\/wp-json\/wp\/v2\/comments?post=50"}],"version-history":[{"count":2,"href":"https:\/\/www.gemeinde-pflanzen.net\/talk\/wp-json\/wp\/v2\/episodes\/50\/revisions"}],"predecessor-version":[{"id":115,"href":"https:\/\/www.gemeinde-pflanzen.net\/talk\/wp-json\/wp\/v2\/episodes\/50\/revisions\/115"}],"wp:featuredmedia":[{"embeddable":true,"href":"https:\/\/www.gemeinde-pflanzen.net\/talk\/wp-json\/wp\/v2\/media\/106"}],"wp:attachment":[{"href":"https:\/\/www.gemeinde-pflanzen.net\/talk\/wp-json\/wp\/v2\/media?parent=50"}],"wp:term":[{"taxonomy":"post_tag","embeddable":true,"href":"https:\/\/www.gemeinde-pflanzen.net\/talk\/wp-json\/wp\/v2\/tags?post=50"}],"curies":[{"name":"wp","href":"https:\/\/api.w.org\/{rel}","templated":true}]}}