{"id":86,"date":"2023-06-09T21:17:41","date_gmt":"2023-06-09T19:17:41","guid":{"rendered":"podlove-2023-06-09t18:28:27+00:00-3819e12af3780be"},"modified":"2023-07-08T20:58:28","modified_gmt":"2023-07-08T18:58:28","slug":"der-lange-weg-eines-gemeinde-startups-mit-martin-sinnhuber","status":"publish","type":"podcast","link":"https:\/\/www.gemeinde-pflanzen.net\/talk\/2023\/06\/09\/der-lange-weg-eines-gemeinde-startups-mit-martin-sinnhuber\/","title":{"rendered":"Der lange Weg eines Gemeinde-Startups mit Martin Sinnhuber"},"content":{"rendered":"\n<p>In dieser Folge kommt Jonathan Berschauer mit Martin Sinnhuber vom Emmanuel House M\u00fcnster ins Gespr\u00e4ch. Martin Sinnhuber ist Priester der Gemeinschaft Emmanuel und war fr\u00fcher \u201enormaler\u201c Gemeindepfarrer einer fusionierten Gesamtpfarrei mit etwa 20.000 Katholiken, bis er sich entschied etwas Neues zu wagen. Erst als Projekt ist er nun seit 2021 mit 100% Priester der wachsenden Gemeindegr\u00fcndung Emmanuel House in M\u00fcnster.<br><a href=\"https:\/\/www.gemeinde-pflanzen.net\/blog\/2023\/06\/09\/ortstermin-muenster\/\">In M\u00fcnster vor Ort<\/a> kommt Jonathan mit Martin unter anderem \u00fcber die Lernerfahrungen aus Erkundungsreisen, \u00fcber Beharrungskr\u00e4fte und Erfolgsbausteine beim Gemeindewachstum ins Gespr\u00e4ch.<\/p>\n\n\n\n<h2 class=\"wp-block-heading\">Weiterf\u00fchrende Links<\/h2>\n\n\n\n<ul class=\"wp-block-list\">\n<li><a href=\"https:\/\/www.emmanuel-house.de\/\">Internetseite Emmanuel House M\u00fcnster<\/a><\/li>\n<\/ul>\n\n\n\n<h2 class=\"wp-block-heading\">Veranstaltungsempfehlung<\/h2>\n\n\n\n<ul class=\"wp-block-list\">\n<li>&#8222;Gemeinde neu entwickeln&#8220; mit Gunnar Sornek (Projektkoordinator) und Martin Sinnhuber (pastorale Leitung) vom \u201eEmmanuel House\u201c in M\u00fcnster hat in der Online-Reihe \u201eKultur im Wandel\u201c am 19. Juni 2023 um 19:00 Uhr stattgefunden. Ihr findet einen <a href=\"https:\/\/wir-erzbistum-paderborn.de\/news\/neue-gemeinden-gruenden\/\">Nachbericht auf der Internetseite des Wir-Portals des Erzbistums Paderborn<\/a>.<\/li>\n<\/ul>\n\n\n\n<h2 class=\"wp-block-heading\"><a href=\"https:\/\/www.gemeinde-pflanzen.net\/talk\/2023\/06\/09\/transkription-von-aussaat-talk-ep-9\/\">Transkription<\/a><\/h2>\n\n    \n            <div class=\"podlove-web-player intrinsic-ignore podlove-web-player-loading\" id=\"player-69f5e4b6746b0\"><root data-test=\"player--xl\" style=\"max-width:950px;min-width:260px;\">\n  <div class=\"tablet:px-6 tablet:pt-6 mobile:px-4 mobile:pt-4 flex flex-col\">\n    <div class=\"flex-col items-center mobile:flex tablet:hidden\">\n      <show-title class=\"text-sm\"><\/show-title>\n      <episode-title class=\"text-base mb-2\"><\/episode-title>\n      <subscribe-button class=\"mb-4 mobile:flex tablet:hidden\"><\/subscribe-button>\n      <poster class=\"rounded-sm w-48 shadow overflow-hidden\"><\/poster>\n      <divider class=\"w-full my-6\"><\/divider>\n    <\/div>\n\n    <div class=\"tablet:flex flex-grow\">\n      <div class=\"w-64 mobile:hidden tablet:block tablet:mr-6\">\n        <poster class=\"rounded-sm shadow overflow-hidden\"><\/poster>\n      <\/div>\n      <div class=\"w-full\">\n        <div class=\"hidden tablet:block\">\n          <show-title class=\"text-base\"><\/show-title>\n          <episode-title class=\"text-xl desktop:text-2xl\"><\/episode-title>\n          <divider class=\"w-full my-4\"><\/divider>\n        <\/div>\n        <div class=\"flex items-center justify-between\">\n          <div class=\"block\">\n            <play-state on=\"active\">\n              <speed-control class=\"flex items-center\"><\/speed-control>\n            <\/play-state>\n          <\/div>\n\n          <div class=\"flex\">\n            <play-state on=\"active\">\n              <chapter-previous class=\"mx-2 block\"><\/chapter-previous>\n            <\/play-state>\n            <play-state on=\"active\">\n              <step-backward class=\"mx-2 block\"><\/step-backward>\n            <\/play-state>\n\n            <play-button class=\"mx-2 block\" :label=\"$t('PLAYER.PLAY_EPISODE')\"><\/play-button>\n\n            <play-state on=\"active\">\n              <step-forward class=\"mx-2 block\"><\/step-forward>\n            <\/play-state>\n            <play-state on=\"active\">\n              <chapter-next class=\"mx-2 block\"><\/chapter-next>\n            <\/play-state>\n          <\/div>\n\n          <div class=\"block\">\n            <play-state on=\"active\">\n              <volume-control class=\"flex items-center\"><\/volume-control>\n            <\/play-state>\n          <\/div>\n        <\/div>\n        <div class=\"flex w-full\">\n          <progress-bar><\/progress-bar>\n        <\/div>\n        <div class=\"flex w-full -mt-2\">\n          <div class=\"w-3\/12 text-left\">\n            <timer-current class=\"text-sm\"><\/timer-current>\n          <\/div>\n          <div class=\"w-6\/12 text-center truncate\">\n            <play-state on=\"active\">\n              <current-chapter class=\"text-sm\"><\/current-chapter>\n            <\/play-state>\n          <\/div>\n          <div class=\"w-3\/12 text-right\">\n            <timer-duration class=\"text-sm\"><\/timer-duration>\n          <\/div>\n        <\/div>\n      <\/div>\n    <\/div>\n    <divider class=\"w-full mt-6 mb-3\"><\/divider>\n    <div class=\"flex justify-between\">\n      <div class=\"flex mobile:w-full tablet:w-3\/12 desktop:w-3\/12 justify-between\">\n        <tab-trigger tab=\"chapters\">\n          <icon type=\"chapter\"><\/icon>\n        <\/tab-trigger>\n        <tab-trigger tab=\"transcripts\">\n          <icon type=\"transcripts\"><\/icon>\n        <\/tab-trigger>\n        <tab-trigger tab=\"files\">\n          <icon type=\"download\"><\/icon>\n        <\/tab-trigger>\n        <tab-trigger tab=\"playlist\">\n          <icon type=\"playlist\"><\/icon>\n        <\/tab-trigger>\n        <tab-trigger tab=\"share\">\n          <icon type=\"share\"><\/icon>\n        <\/tab-trigger>\n      <\/div>\n      <subscribe-button class=\"mt-1 mobile:hidden tablet:flex\"><\/subscribe-button>\n    <\/div>\n  <\/div>\n  <div class=\"w-full relative overflow-hidden\">\n    <tab name=\"chapters\">\n      <tab-chapters><\/tab-chapters>\n    <\/tab>\n    <tab name=\"transcripts\">\n      <tab-transcripts><\/tab-transcripts>\n    <\/tab>\n    <tab name=\"files\">\n      <tab-files><\/tab-files>\n    <\/tab>\n    <tab name=\"playlist\">\n      <tab-playlist><\/tab-playlist>\n    <\/tab>\n    <tab name=\"share\">\n      <tab-share><\/tab-share>\n    <\/tab>\n    <tab-overflow><\/tab-overflow>\n  <\/div>\n  <error><\/error>\n<\/root>\n<\/div>\n            <script>\n              document.addEventListener(\"DOMContentLoaded\", function() {\n                var player = document.getElementById(\"player-69f5e4b6746b0\");\n                podlovePlayerCache.add([{\"url\":\"https:\\\/\\\/www.gemeinde-pflanzen.net\\\/talk\\\/wp-json\\\/podlove-web-player\\\/shortcode\\\/publisher\\\/86\",\"data\":{\"version\":5,\"show\":{\"title\":\"Aussaat - Talk\",\"subtitle\":\"Die Interview- und Gespr\\u00e4chsrundenreihe des Netzwerkes Gemeinde-Pflanzen\",\"summary\":\"Die Interview- und Gespr\\u00e4chsrundenreihe des Netzwerkes Gemeinde-Pflanzen bei der es rund um die Themen Gemeindegr\\u00fcndung, Evangelisierung und J\\u00fcngerschaft geht.\",\"poster\":\"https:\\\/\\\/www.gemeinde-pflanzen.net\\\/talk\\\/podlove\\\/image\\\/687474703a2f2f7777772e67656d65696e64652d70666c616e7a656e2e6e65742f74616c6b2f77702d636f6e74656e742f75706c6f6164732f73697465732f322f323032322f30362f312e706e67\\\/500\\\/0\\\/0\\\/aussaat-talk\",\"link\":\"https:\\\/\\\/www.gemeinde-pflanzen.net\\\/talk\"},\"title\":\"Der lange Weg eines Gemeinde-Startups mit Martin Sinnhuber\",\"subtitle\":\"Eine Erfahrung aus dem Emmanuel House M\\u00fcnster\",\"summary\":\"In dieser Folge kommt Jonathan Berschauer mit Martin Sinnhuber vom Emmanuel House M\\u00fcnster ins Gespr\\u00e4ch. Martin Sinnhuber ist Priester der Gemeinschaft Emmanuel und war fr\\u00fcher \\u201enormaler\\u201c Gemeindepfarrer einer fusionierten Gesamtpfarrei mit etwa 20.000 Katholiken, bis er sich entschied etwas Neues zu wagen. Erst als Projekt ist er nun seit 2021 mit 100% Priester der wachsenden Gemeindegr\\u00fcndung Emmanuel House in M\\u00fcnster.\\r\\nIn M\\u00fcnster vor Ort kommt Jonathan mit Martin unter anderem \\u00fcber die Lernerfahrungen aus Erkundungsreisen, \\u00fcber Beharrungskr\\u00e4fte und Erfolgsbausteine beim Gemeindewachstum ins Gespr\\u00e4ch.\",\"publicationDate\":\"2023-06-09T21:17:41+02:00\",\"duration\":\"00:32:29.830\",\"poster\":\"https:\\\/\\\/www.gemeinde-pflanzen.net\\\/talk\\\/podlove\\\/image\\\/68747470733a2f2f7777772e67656d65696e64652d70666c616e7a656e2e6e65742f74616c6b2f77702d636f6e74656e742f75706c6f6164732f73697465732f322f323032332f30372f54616c6b2d466f6c67652d3030392d7363616c65642e6a7067\\\/500\\\/0\\\/0\\\/der-lange-weg-eines-gemeinde-startups-mit-martin-sinnhuber\",\"link\":\"https:\\\/\\\/www.gemeinde-pflanzen.net\\\/talk\\\/2023\\\/06\\\/09\\\/der-lange-weg-eines-gemeinde-startups-mit-martin-sinnhuber\\\/\",\"chapters\":[{\"start\":\"00:00:00.000\",\"title\":\"Vorstellung\",\"href\":\"\",\"image\":\"\"},{\"start\":\"00:00:57.325\",\"title\":\"Von der Arbeit als Gemeindepfarrer ... die Vorgeschichte\",\"href\":\"\",\"image\":\"\"},{\"start\":\"00:03:44.704\",\"title\":\"Helfen Gemeindeneugr\\u00fcndungen bei der priesterlichen Arbeit?\",\"href\":\"\",\"image\":\"\"},{\"start\":\"00:06:20.679\",\"title\":\"Was hast du von deinen Erkundungsreisen (Saddleback, Ric Thorpe etc.) mitgenommen?\",\"href\":\"\",\"image\":\"\"},{\"start\":\"00:11:29.339\",\"title\":\"Gibt es im bisherigen System starke Beharrungskr\\u00e4fte?\",\"href\":\"\",\"image\":\"\"},{\"start\":\"00:13:20.489\",\"title\":\"Vom Erlauben\\\/Erm\\u00f6glichen hin zum Wollen von Seiten des Bistums: mixed economy\",\"href\":\"\",\"image\":\"\"},{\"start\":\"00:15:01.147\",\"title\":\"Geistlicher Prozess einer partizipativen F\\u00fchrung\",\"href\":\"\",\"image\":\"\"},{\"start\":\"00:19:58.025\",\"title\":\"Gibt es Erfolgsbausteine f\\u00fcr Wachstum?\",\"href\":\"\",\"image\":\"\"},{\"start\":\"00:23:55.168\",\"title\":\"Auf welches Wachstum schaust du mit Dankbarkeit?\",\"href\":\"\",\"image\":\"\"},{\"start\":\"00:26:24.038\",\"title\":\"Was f\\u00fcr Herausforderungen und Entwicklungen gibt es aktuell?\",\"href\":\"\",\"image\":\"\"},{\"start\":\"00:29:24.258\",\"title\":\"Tipps f\\u00fcr Gemeindegr\\u00fcndungen\",\"href\":\"\",\"image\":\"\"},{\"start\":\"00:31:45.474\",\"title\":\"Dank und Schluss\",\"href\":\"\",\"image\":\"\"}],\"audio\":[{\"url\":\"https:\\\/\\\/www.gemeinde-pflanzen.net\\\/talk\\\/podlove\\\/file\\\/31\\\/s\\\/webplayer\\\/c\\\/website\\\/talk009.ogg\",\"size\":\"35336186\",\"title\":\"Ogg Vorbis Audio (ogg)\",\"mimeType\":\"audio\\\/ogg\"},{\"url\":\"https:\\\/\\\/www.gemeinde-pflanzen.net\\\/talk\\\/podlove\\\/file\\\/29\\\/s\\\/webplayer\\\/c\\\/website\\\/talk009.mp3\",\"size\":\"37262704\",\"title\":\"MP3 Audio (mp3)\",\"mimeType\":\"audio\\\/mpeg\"},{\"url\":\"https:\\\/\\\/www.gemeinde-pflanzen.net\\\/talk\\\/podlove\\\/file\\\/30\\\/s\\\/webplayer\\\/c\\\/website\\\/talk009.opus\",\"size\":\"22522303\",\"title\":\"Opus Audio (opus)\",\"mimeType\":\"audio\\\/ogg;codecs=opus\"}],\"files\":[{\"url\":\"https:\\\/\\\/www.gemeinde-pflanzen.net\\\/talk\\\/podlove\\\/file\\\/29\\\/s\\\/webplayer\\\/talk009.mp3\",\"size\":\"37262704\",\"title\":\"MP3 Audio\",\"mimeType\":\"audio\\\/mpeg\"},{\"url\":\"https:\\\/\\\/www.gemeinde-pflanzen.net\\\/talk\\\/podlove\\\/file\\\/30\\\/s\\\/webplayer\\\/talk009.opus\",\"size\":\"22522303\",\"title\":\"Opus Audio\",\"mimeType\":\"audio\\\/ogg;codecs=opus\"},{\"url\":\"https:\\\/\\\/www.gemeinde-pflanzen.net\\\/talk\\\/podlove\\\/file\\\/31\\\/s\\\/webplayer\\\/talk009.ogg\",\"size\":\"35336186\",\"title\":\"Ogg Vorbis Audio\",\"mimeType\":\"audio\\\/ogg\"}]}}, {\"url\":\"https:\\\/\\\/www.gemeinde-pflanzen.net\\\/talk\\\/wp-json\\\/podlove-web-player\\\/shortcode\\\/config\\\/default\\\/theme\\\/default\",\"data\":{\"activeTab\":\"chapters\",\"subscribe-button\":null,\"share\":{\"channels\":[\"facebook\",\"twitter\",\"whats-app\",\"linkedin\",\"pinterest\",\"xing\",\"mail\",\"link\"],\"outlet\":\"https:\\\/\\\/www.gemeinde-pflanzen.net\\\/talk\\\/wp-content\\\/plugins\\\/podlove-web-player\\\/web-player\\\/share.html\",\"sharePlaytime\":true},\"related-episodes\":{\"source\":\"disabled\",\"value\":null},\"version\":5,\"theme\":{\"tokens\":{\"brand\":\"#E64415\",\"brandDark\":\"#235973\",\"brandDarkest\":\"#1A3A4A\",\"brandLightest\":\"#E9F1F5\",\"shadeDark\":\"#807E7C\",\"shadeBase\":\"#807E7C\",\"contrast\":\"#000\",\"alt\":\"#fff\"},\"fonts\":{\"ci\":{\"name\":\"ci\",\"family\":[\"-apple-system\",\"BlinkMacSystemFont\",\"Segoe UI\",\"Roboto\",\"Helvetica\",\"Arial\",\"sans-serif\",\"Apple Color Emoji\",\"Segoe UI Emoji\\\", \\\"Segoe UI Symbol\"],\"src\":[],\"weight\":800},\"regular\":{\"name\":\"regular\",\"family\":[\"-apple-system\",\"BlinkMacSystemFont\",\"Segoe UI\",\"Roboto\",\"Helvetica\",\"Arial\",\"sans-serif\",\"Apple Color Emoji\",\"Segoe UI Emoji\\\", \\\"Segoe UI Symbol\"],\"src\":[],\"weight\":300},\"bold\":{\"name\":\"bold\",\"family\":[\"-apple-system\",\"BlinkMacSystemFont\",\"Segoe UI\",\"Roboto\",\"Helvetica\",\"Arial\",\"sans-serif\",\"Apple Color Emoji\",\"Segoe UI Emoji\\\", \\\"Segoe UI Symbol\"],\"src\":[],\"weight\":700}}},\"base\":\"https:\\\/\\\/www.gemeinde-pflanzen.net\\\/talk\\\/wp-content\\\/plugins\\\/podlove-web-player\\\/web-player\\\/\"}}]);\n                podlovePlayer(player, \"https:\/\/www.gemeinde-pflanzen.net\/talk\/wp-json\/podlove-web-player\/shortcode\/publisher\/86\", \"https:\/\/www.gemeinde-pflanzen.net\/talk\/wp-json\/podlove-web-player\/shortcode\/config\/default\/theme\/default\").then(function() {\n                  player && player.classList.remove(\"podlove-web-player-loading\");\n                });\n              });\n            <\/script>\n            <style>\n              .podlove-web-player.podlove-web-player-loading {\n                opacity: 0;\n              }\n            <\/style>\n        \n\n\n","protected":false},"author":2,"featured_media":112,"comment_status":"open","ping_status":"open","template":"","meta":{"footnotes":""},"tags":[],"class_list":["post-86","podcast","type-podcast","status-publish","has-post-thumbnail","hentry","post"],"_links":{"self":[{"href":"https:\/\/www.gemeinde-pflanzen.net\/talk\/wp-json\/wp\/v2\/episodes\/86","targetHints":{"allow":["GET"]}}],"collection":[{"href":"https:\/\/www.gemeinde-pflanzen.net\/talk\/wp-json\/wp\/v2\/episodes"}],"about":[{"href":"https:\/\/www.gemeinde-pflanzen.net\/talk\/wp-json\/wp\/v2\/types\/podcast"}],"author":[{"embeddable":true,"href":"https:\/\/www.gemeinde-pflanzen.net\/talk\/wp-json\/wp\/v2\/users\/2"}],"replies":[{"embeddable":true,"href":"https:\/\/www.gemeinde-pflanzen.net\/talk\/wp-json\/wp\/v2\/comments?post=86"}],"version-history":[{"count":6,"href":"https:\/\/www.gemeinde-pflanzen.net\/talk\/wp-json\/wp\/v2\/episodes\/86\/revisions"}],"predecessor-version":[{"id":99,"href":"https:\/\/www.gemeinde-pflanzen.net\/talk\/wp-json\/wp\/v2\/episodes\/86\/revisions\/99"}],"wp:featuredmedia":[{"embeddable":true,"href":"https:\/\/www.gemeinde-pflanzen.net\/talk\/wp-json\/wp\/v2\/media\/112"}],"wp:attachment":[{"href":"https:\/\/www.gemeinde-pflanzen.net\/talk\/wp-json\/wp\/v2\/media?parent=86"}],"wp:term":[{"taxonomy":"post_tag","embeddable":true,"href":"https:\/\/www.gemeinde-pflanzen.net\/talk\/wp-json\/wp\/v2\/tags?post=86"}],"curies":[{"name":"wp","href":"https:\/\/api.w.org\/{rel}","templated":true}]}}